{"id":11,"date":"2017-11-18T20:21:53","date_gmt":"2017-11-18T19:21:53","guid":{"rendered":"http:\/\/chateaudevilleneuve.fr\/wp\/?page_id=11"},"modified":"2025-08-14T22:03:39","modified_gmt":"2025-08-14T20:03:39","slug":"jardin","status":"publish","type":"page","link":"https:\/\/chateaudevilleneuve.fr\/wp\/?page_id=11","title":{"rendered":"Les jardins"},"content":{"rendered":"\n<p><strong>Les jardins de Villeneuve ont eu l\u2019honneur de recevoir le label de \u00ab\u00a0Beau jardin des pays de la Loire\u00a0\u00bb <\/strong>par l\u2019APJPL<\/p>\n\n\n\n<figure class=\"wp-block-image size-full is-resized\"><img loading=\"lazy\" decoding=\"async\" width=\"748\" height=\"615\" src=\"http:\/\/chateaudevilleneuve.fr\/wp\/wp-content\/uploads\/2025\/06\/logo-broderie-dos.jpeg\" alt=\"\" class=\"wp-image-319\" style=\"aspect-ratio:1;width:265px;height:auto\" srcset=\"https:\/\/chateaudevilleneuve.fr\/wp\/wp-content\/uploads\/2025\/06\/logo-broderie-dos.jpeg 748w, https:\/\/chateaudevilleneuve.fr\/wp\/wp-content\/uploads\/2025\/06\/logo-broderie-dos-300x247.jpeg 300w\" sizes=\"auto, (max-width: 706px) 89vw, (max-width: 767px) 82vw, 740px\" \/><\/figure>\n\n\n\n<p>Authenticit\u00e9, tel est le maitre mot qui pourrait d\u00e9finir le ch\u00e2teau de Villeneuve \u00e0 Martign\u00e9 Briand&nbsp;! En effet, sa toponymie m\u00e9di\u00e9vale tr\u00e8s originale en fait un t\u00e9moin majeur des domaines fonciers du moyen \u00e2ge&#8230;une v\u00e9ritable ferme fortifi\u00e9e. Son immense cour, qui autrefois devait accueillir toutes les activit\u00e9s agricoles et viticoles, entour\u00e9e par des b\u00e2timents d\u2019exploitation et par le logis seigneurial est tout \u00e0 fait remarquable. L\u2019unique acc\u00e8s se faisait par un ch\u00e2telet d\u2019entr\u00e9e, dat\u00e9 du XII e si\u00e8cle, comportant un passage pi\u00e9tonnier et un passage charretier. <br>Comment imaginer un patrimoine b\u00e2ti sans son accompagnement v\u00e9g\u00e9tal&nbsp;? C\u2019est pourquoi, suite \u00e0 une \u00e9tude approfondie des jardins m\u00e9di\u00e9vaux et aux conseils avis\u00e9s des associations de sauvegarde des jardins angevins et de la soci\u00e9t\u00e9 d\u2019horticulture, le propri\u00e9taire, toujours passionn\u00e9, a cr\u00e9\u00e9 des jardins historiques reconstitu\u00e9s qui veulent toujours aller dans le sens de l\u2019authenticit\u00e9. L\u2019association r\u00e9gionale des parcs, jardins et paysages des pays de la Loire (APJPL) a decern\u00e9 le label officiel de \u00ab<strong>&nbsp;Beau jardin des pays de la Loire<\/strong>&nbsp;\u00bb. Il vous faudra au minimum une heure pour d\u00e9couvrir la cour paysag\u00e9e, la terrasse \u00e0 l\u2019italienne et son bosquet, le verger inventif, la vigne, le jardin m\u00e9di\u00e9val et enfin les topiaires en ordre de bataille.<\/p>\n\n\n\n<p>Vous trouverez en fin de texte un plan de votre visite avec <strong>dix \u00ab&nbsp;arr\u00eats lecture&nbsp;\u00bb. <\/strong>Prenez le temps de parcourir les jardins et de remarquer leur compl\u00e9mentarit\u00e9 avec les b\u00e2timents. Votre progression se fera vers le sud et les jardins se succ\u00e8dent ainsi vers la lumi\u00e8re et toujours dans le sens du d\u00e9nivel\u00e9 pour b\u00e9n\u00e9ficier de la meilleure vue.<\/p>\n\n\n\n<p><strong><em>Entrez dans la cour principale en passant sous le ch\u00e2telet d\u2019entr\u00e9e.<\/em><\/strong><em><\/em><\/p>\n\n\n\n<p>&nbsp;&nbsp;&nbsp;&nbsp;&nbsp;&nbsp;&nbsp;&nbsp;&nbsp;&nbsp; <strong>N\u00b01<\/strong>). Sur le plan architectural, nous avons l\u2019exemple typique d\u2019une habitation seigneuriale o\u00f9 les parties agricoles c\u00f4toient les parties les plus nobles. Mais ici une particularit\u00e9 est cette disposition qui m\u00e9nage une grande cour centrale.<\/p>\n\n\n\n<p>Un p\u00e9rim\u00e8tre unique enserre demeure et exploitation. Dans le rectangle ainsi d\u00e9limit\u00e9 l\u2019habitation du ma\u00eetre (logis au Sud) propose deux ensembles : d\u2019un c\u00f4t\u00e9 le jardin noble (terrasse Sud N\u00b03 ) mi ornemental mi potager au XV<sup>e<\/sup>, sur lequel ouvrent les principales crois\u00e9es du logis; de l\u2019autre, la cour utilitaire autour de laquelle s\u2019alignaient granges, \u00e9tables, \u00e9curies, habitats de serviteurs, pressoir, chapelle d\u00e9di\u00e9e \u00e0 St S\u00e9bastien, fuie \u00e0 pigeons. Les fa\u00e7ades aveugles de ces b\u00e2timents agricoles formaient protection et une cl\u00f4ture entourait l\u2019ensemble. Ainsi l\u2019unique acc\u00e8s \u00e0 cette cour, certainement utilitaire au Moyen Age, se faisait par le porche charretier et pi\u00e9tonnier.<\/p>\n\n\n\n<p>Ce ch\u00e2telet d\u2019entr\u00e9e a \u00e9t\u00e9 \u00e9difi\u00e9 au XII<sup>e<\/sup>. C\u00f4t\u00e9 cour, retournez vous face au porche et remarquez la voussure particuli\u00e8re \u00e0 3 claveaux (qui ressemble \u00e0 celle de la tour maitresse du ch\u00e2teau de Martign\u00e9 Briand). A sa droite, la chapelle St S\u00e9bastien.&nbsp; On devine sur sa fa\u00e7ade les ouvertures en ogives cintr\u00e9es. Celles-ci ont \u00e9t\u00e9 agrandies pour faciliter l\u2019acc\u00e8s des c\u00e9r\u00e9ales lors de la transformation en ferme du domaine \u00e0 la fin du XVIII<sup>e<\/sup>. La fuie ronde \u00e0 pigeons, qui se situait sur le c\u00f4t\u00e9 est, a \u00e9t\u00e9 d\u00e9molie \u00e0 cette m\u00eame \u00e9poque pour laisser place \u00e0 des porcheries que nous avons d\u00e9mont\u00e9es. Le dessin de la cour paysag\u00e9e a \u00e9t\u00e9 inspir\u00e9 par une enluminure du roman de Renaud de Montauban (XV<sup>e<\/sup> si\u00e8cle). Il a \u00e9t\u00e9 cr\u00e9\u00e9 en 1991 (avec le conseil du Professeur Grimal). La pelouse centrale est fort appr\u00e9ci\u00e9e des jeunes pour y jouer ! Elle est encadr\u00e9e de buis taill\u00e9s (Plus de 5000 pieds de <em>Buxus sempervirens <\/em>ont \u00e9t\u00e9 plant\u00e9s sur l\u2019ensemble des jardins&#8230;), de&nbsp; <em>Taxus baccata <\/em>taill\u00e9s en c\u00f4nes et de <em>Prunus lusitanica <\/em>taill\u00e9s en boules.<\/p>\n\n\n\n<p><strong><em>Approchons maintenant du logis.<\/em><\/strong><em><\/em><\/p>\n\n\n\n<p>&nbsp;&nbsp;&nbsp;&nbsp;&nbsp;&nbsp;&nbsp;&nbsp;&nbsp;&nbsp; <strong>N\u00b02 : <\/strong>Le&nbsp; logis poss\u00e8de le plan fondamental des demeures seigneuriales de l\u2019Anjou : pr\u00e9sence d\u2019une grande salle au rez de chauss\u00e9e, lieu de vie communautaire du seigneur et 4 chambres \u00e0 l\u2019\u00e9tage avec une tour de latrines \u00e0 chaque pignon ( l\u2019une d\u2019elles a \u00e9t\u00e9 reconstruite \u00e0 l\u2019est pour accueillir la pompe \u00e0 chaleur), une tour d\u2019escalier dont l\u2019entr\u00e9e se distingue par un \u00e9l\u00e9ment d\u00e9coratif, ici un immense linteau monolithe avec accolade. D\u2019importants travaux ont \u00e9t\u00e9 ex\u00e9cut\u00e9s car la partie haute de la tour d\u2019escalier du logis avait \u00e9t\u00e9 aras\u00e9e\u2026.<\/p>\n\n\n\n<p>Aujourd&rsquo;hui cette tour est hors \u0153uvre alors qu\u2019\u00e0 l\u2019apog\u00e9e du ch\u00e2teau, celle-ci ci \u00e9tait semi engag\u00e9e dans un retour d\u2019angle. En effet, <strong>une <\/strong><strong><em>galerie<\/em><\/strong><strong> <\/strong>reliait la tour d\u2019escalier au b\u00e2timent de gauche. Le rez de chauss\u00e9e s\u2019ouvrait \u00e0 l\u2019ext\u00e9rieur par 3 arcades (dont les piliers sont repr\u00e9sent\u00e9s par les deux pots de terre cuite contenant des <em>Taxus baccata <\/em>taill\u00e9s en c\u00f4ne pos\u00e9s sur les anciens chapiteaux retrouv\u00e9s pendant les fouilles arch\u00e9ologiques). Un d\u00e9part de voute se devine encore \u00e0 l\u2019angle de la tour d\u2019escalier. Un d\u00e9ambulatoire, galerie ouverte vers l\u2019ext\u00e9rieur existait \u00e0 l\u2019\u00e9tage. On devine encore sur la fa\u00e7ade des traces d\u2019enduits int\u00e9rieurs \u00e0 la chaux, les portes d\u2019entr\u00e9e primitives et les deux acc\u00e8s \u00e0 l\u2019\u00e9tage sur la galerie. Un retour d\u2019angle rejoignait le b\u00e2timent agricole au dessus des caves. Cette partie a \u00e9t\u00e9 d\u00e9molie par un des propri\u00e9taires du XVII<sup>e&nbsp; <\/sup>pour revenir en ext\u00e9rieur \u00e0 une trav\u00e9e classique et construire \u00e0 l\u2019int\u00e9rieur \u00e0 un escalier <em>rampe sur rampe <\/em>pratiqu\u00e9 dans le corps de b\u00e2timent ( abandonnant ainsi l\u2019usage de <em>l\u2019escalier en vis <\/em>de la tour d\u2019escalier). Il voulait ainsi transformer la maison \u00ab&nbsp;<em>entre cour et jardin&nbsp;<\/em>\u00bb. Nous avons restaur\u00e9 et conserv\u00e9 \u00e0 l\u2019ext\u00e9rieur toutes les traces de cette intervention afin de pouvoir \u00ab&nbsp;lire&nbsp;\u00bb sur le plan arch\u00e9ologique cette fa\u00e7ade. (Porte encadr\u00e9e de <em>pilastres <\/em>surmont\u00e9e d\u2019un <em>fronton<\/em>)<\/p>\n\n\n\n<p>Chaque pi\u00e8ce poss\u00e8de sa chemin\u00e9e monumentale, y compris \u00e0 l\u2019\u00e9tage. Le chauffage se fait aujourd\u2019hui par g\u00e9othermie pratiqu\u00e9e sur la terrasse sud et pompe \u00e0 chaleur dans la base de la tour latrine \u00e0 l\u2019est.<\/p>\n\n\n\n<p>Les menuiseries ont \u00e9t\u00e9 recr\u00e9\u00e9es selon les mod\u00e8les des relev\u00e9s de mod\u00e8les de monuments du Maine et de l\u2019Anjou par le centre national des monuments historiques. Elles sont en ch\u00eane, leurs ext\u00e9rieurs sont peints avec une teinte rouge MH afin de les prot\u00e9ger. Les ferronneries et vitreries au plomb ont \u00e9galement fait l\u2019objet d\u2019une \u00e9tude attentive. Seul le volume de verre sur profil m\u00e9tallique au dessus de la porte d\u2019entr\u00e9e, nous a \u00e9t\u00e9 malheureusement impos\u00e9&#8230;<\/p>\n\n\n\n<p><strong><em>Dirigez vous vers le pignon ouest sur votre droite.<\/em><\/strong><\/p>\n\n\n\n<p>Le mur ruin\u00e9 qui permettait la cl\u00f4ture du jardin de la terrasse a \u00e9t\u00e9 restitu\u00e9. Nous entrons dans ce qui \u00e9tait autrefois le jardin noble, potager semi-ornemental en forme de terrasse que nous avons recr\u00e9\u00e9 dans le <em>go\u00fbt <\/em><strong><em>italien<\/em><\/strong><strong>. <\/strong>Fruit d\u2019une longue \u00e9tude, avec les conseils de Madame Isabelle Lev\u00eaque, historienne des jardins, ce jardin formel tr\u00e8s architectur\u00e9 est bas\u00e9 sur des r\u00e9alit\u00e9s historiques. Il profite de la terrasse en l\u00e9g\u00e8re d\u00e9clive. Huit ann\u00e9es ont \u00e9t\u00e9 n\u00e9cessaires pour arriver \u00e0 son aspect actuel\u2026et il est toujours en cr\u00e9ation. Entrez et laissez vous envahir par un parfum de renaissance italienne\u2026 <em>\u00ab&nbsp;Ici l\u2019Homme apprend la patience et l\u2019humilit\u00e9&nbsp;\u00bb<\/em><\/p>\n\n\n\n<p><strong><em>Afin de mieux profiter du jardin, nous avons balis\u00e9 un circuit par des ardoises num\u00e9rot\u00e9es\u2026 \u00e0 votre guise, si vous voulez les suivre ou d\u00e9couvrir le jardin selon votre inspiration.<\/em><\/strong><strong><\/strong><\/p>\n\n\n\n<p>En pignon, nous commen\u00e7ons par un <em>jardin de n<\/em><em>\u0153<\/em><em>uds <\/em>en buis de deux vari\u00e9t\u00e9s (<em>Buxus <\/em>sempervirens<strong> <\/strong>\u2018Harewood\u2019 et<em> Buxus sempervirens <\/em>\u2018Elegans\u2019) entourant un \u0153uf fontaine de terre cuite. La majorit\u00e9 des pots proviennent d\u2019Impruneta en Toscane. L\u2019eau s\u2019\u00e9coule dans une goulotte entre des carreaux de buis repr\u00e9sentant des motifs de jeux de carte.<\/p>\n\n\n\n<p>Le plan g\u00e9n\u00e9ral du jardin repr\u00e9sente un parterre \u00e0 l\u2019italienne constitu\u00e9 de <em>carreaux<\/em> de buis. Beaucoup d\u2019\u00e9l\u00e9ments symboliques s\u2019y remarquent. Leurs espaces int\u00e9rieurs accueillent des fleurs ou des l\u00e9gumes d\u00e9coratifs ou des motifs de buis (d\u00e9crits par Francesco Colonna dans <em>le Songe de Poliphile r\u00e9dig\u00e9 en 1467)<\/em>.<\/p>\n\n\n\n<p>Les deux pergolas-galeries lat\u00e9rales recouvertes de rosiers lianes, \u00e0 l\u2019est et \u00e0 l\u2019ouest.&nbsp; [<em>J1 ]: <\/em>depuis la pergola de droite, voyez les carreaux dont les motifs sont les \u00ab&nbsp;enseignes&nbsp;\u00bb de jeux de cartes (pique, tr\u00e8fle, carreau, c\u0153ur puis les enseignes anciennes : monnaie, gourdin, coupe et dague. Quatre orangers marquent le centre du jardin.&nbsp; [ <em>J2&nbsp; ]&nbsp; : <\/em>Les 6 boules en terre cuite rappellent les <em>besants <\/em>du blason de la famille de Medicis. Pos\u00e9s sur un fonds d\u2019<em>Alchemilla mollis <\/em>dont les feuilles et les fleurs au printemps sont de couleur or. De m\u00eame on peut y voir les <em>boules de vanit\u00e9&nbsp;<\/em> que les damn\u00e9s poussent dans <em>l\u2019enfer<\/em> de Dante. Remarquez le carreau repr\u00e9sentant <em>la coupe d\u2019Hygie <\/em>: un serpent s\u2019enroule autour d\u2019un <em>patera<\/em> (bol m\u00e9dicinal) et va s\u2019y nourrir. On peut voir dans cette coupe et son serpent un symbole de vie en harmonie avec la Terre. Le serpent doit faire le choix de prendre ou pas le m\u00e9dicament pour se soigner.<\/p>\n\n\n\n<p>[<em>J3<\/em> ]: D\u2019un <em>rocher suintant&nbsp;, <\/em>l\u2019eau s\u2019\u00e9coule de bassins en bassins, entour\u00e9s de topiaires en formation\u2026.patience ! La pierre calcaire claire fait jaillir l\u2019eau source de vie, v\u00e9g\u00e9tale et animale, dans les bassins et disparait dans les profondeurs au milieu des ardoises, pierre noire oppos\u00e9e \u00e0 la vie. [<em>J4<\/em>&nbsp; ] Ce jardin en terrasse constitu\u00e9 de rectangles et de lignes droites, plut\u00f4t lumineux, s\u2019oppose au <strong><em>bosquet, <\/em><\/strong>le jardin en bas du mur, qui est plut\u00f4t sombre et affiche une nature exub\u00e9rante.<\/p>\n\n\n\n<p>&nbsp; Maintenant, voyons en nous retournant, la fa\u00e7ade Sud (N\u00b03). Nous avons bien une construction du XV<sup>e <\/sup>avec fen\u00eatres \u00e0 meneaux et traverses. Les crois\u00e9es du niveau bas \u00e9taient prot\u00e9g\u00e9es par des grilles. Nous avons conserv\u00e9 celles qui \u00e9taient en place. La couleur des menuiseries embellit quelque peu l\u2019aust\u00e9rit\u00e9 de cette fa\u00e7ade m\u00e9di\u00e9vale.&nbsp; Le logis se termine par un pavillon massif qui poss\u00e8de une lucarne post\u00e9rieure (XVI<sup>e<\/sup>), seule partie en tuffeau du logis, qui \u00e9clairait&nbsp; la chambre du r\u00e9gisseur du domaine. Un d\u00e9cor <em>\u00e0<\/em> <em>fenestrage&nbsp;<\/em>orne la grande souche de chemin\u00e9e. Toutes les charpentes ont \u00e9t\u00e9 reprises, les toitures refaites avec l\u2019ardoise de Tr\u00e9laz\u00e9 pos\u00e9e au clou de cuivre sur un voligeage jointif. Les souches de chemin\u00e9es ont \u00e9t\u00e9 d\u00e9mont\u00e9es et restaur\u00e9es. La tour de latrine, en pignon Est, a \u00e9t\u00e9 reconstruite sur les bases de l\u2019ancienne. Le mur qui soutient cette terrasse s\u2019est malheureusement effondr\u00e9 en d\u00e9cembre 2006 suite aux travaux de g\u00e9othermie dans le sol et \u00e0 des pluies importantes. Nous l\u2019avons enti\u00e8rement restaur\u00e9 (45 toupies de b\u00e9ton, 2 tonnes d\u2019acier et 95 m3 de pierres&nbsp;!)<\/p>\n\n\n\n<p>Vous pouvez admirer la vue au del\u00e0 de la rivi\u00e8re du Layon vers Tign\u00e9 l\u00e9g\u00e8rement sur votre gauche, les ch\u00e2teaux du Petit Riou et du Grand Riou en face puis Aubign\u00e9 sur Layon \u00e0 votre droite.<\/p>\n\n\n\n<p><em><\/em><strong><em>Descendez de la terrasse par l\u2019escalier central.<\/em><\/strong><em><\/em><\/p>\n\n\n\n<p>En passant par la grotte (en cours de cr\u00e9ation) au pied de l\u2019escalier et apr\u00e8s avoir ouvert la porte, continuez la visite par le jardin Sud (N\u00b04), <strong><em>sacro bosco <\/em><\/strong>pr\u00e9c\u00e9d\u00e9 par un parterre qui repr\u00e9sente les armes de la famille de Villeneuve : une hermine au centre, les coquilles de l\u2019Ordre du St Esprit et les chevrons, le tout sur fond <em>de gueule <\/em>(cf la girouette). <strong><em>Continuez sur la gauche <\/em><\/strong>pour arriver au <strong>verger (N\u00b05). <\/strong>Les dame-jeanne forcent les branches des pommiers \u00e0 l\u2019horizontale et chaque pied d\u2019arbre est entour\u00e9 d\u2019une banquette de buis. Un serpent&nbsp; en buis est en formation sur un pommier. Il n\u2019attends plus que Eve ! <strong><em>Longez la vigne <\/em><\/strong>en AOC Coteaux du Layon (<strong>N\u00b06<\/strong>) dont les fils sont maintenus par des piquets en ardoise comme au XIX \u00e8. <strong><em>Acc\u00e9dez au jardin d\u2019Artus, <\/em><\/strong>un jardin <strong><em>d\u2019inspiration <\/em><\/strong>m\u00e9di\u00e9val, cr\u00e9\u00e9 en 1993 <strong>(N\u00b07). <\/strong>Celui ci est clos \u00e0 la diff\u00e9rence du jardin <em>\u00e0 l\u2019italienne <\/em>de la terrasse. Il est compos\u00e9 d\u2019une all\u00e9e couverte en charmes conduisant \u00e0 un labyrinthe en Ifs et la fontaine de jouvence. Une croix symbolique est form\u00e9e par des rosiers grimpants et des vignes. Elle d\u00e9finit 4 unit\u00e9s de forme carr\u00e9e : les plantes m\u00e9dicinales, la roseraie et son \u00e9chiquier en cours de cr\u00e9ation, le potager et un parterre de fleurs en cercle chromatique avec le blanc au centre \u00e0 c\u0153ur rouge. Les bordures sont en briques ou en ardoises comme on peut le voir sur les enluminures m\u00e9di\u00e9vales. Essayez de retrouver les topiaires bas\u00e9s sur l\u2019histoire des chevaliers de la table ronde : le nef, le roi Arthur et son \u00e9p\u00e9e (plant\u00e9e dans un bloc de pierre et entour\u00e9e de chardon-Marie&#8230; repr\u00e9sentant les difficult\u00e9s pour acc\u00e9der aux fonctions importantes), la reine Gueni\u00e8vre, le Graal et la tour fortifi\u00e9e de Camelot. Ressortez du jardin par la porte centrale, en face de vous : les 3 arbres de Ren\u00e9, duc d\u2019Anjou et comte de Provence : Le Micocoulier, le Pin parasol et le Murier. Sur votre gauche : un des deux puits en fonction pour l\u2019arrosage.<\/p>\n\n\n\n<p>A droite empruntez le chemin apr\u00e8s le banc, pour prendre un sentier romantique passant devant la fontaine de Cic\u00e9ron puis <strong>le jardin d\u2019Armide.&nbsp; (N\u00b08 ). <\/strong>Magicienne musulmane qui, selon le texte du Tasse et des op\u00e9ras de Lully et de Jean Cocteau, ensorcelait les crois\u00e9s au retour de la 1ere croisade. Mais elle tombe amoureuse de Renaud ( la sculpture en orbevoie et le heaume) qui ne succombera pas \u00e0 ses charmes. Armide use de son miroir et est entour\u00e9e de sauges de J\u00e9rusalem. Le rosier au premier plan rappelle que le bonheur est fragile et&nbsp; qu\u2019il faut cueillir les fleurs t\u00f4t le matin lors de notre jeunesse.<\/p>\n\n\n\n<p>Apr\u00e8s le sentier sur votre droite , vous remarquerez la nef de Jeanne de Belleville (en cr\u00e9ation) <strong>(N\u00b09). <\/strong>Les H\u00e9lichryses sont le bleu de la mer et \u00e9chou\u00e9e sur les rochers, elle a d\u00e9vers\u00e9 ses combattants assaillants repr\u00e9sent\u00e9s par des topiaires en buis et en ifs. Ceux-ci se mettent en ordre de bataille pour affronter les d\u00e9fenseurs \u00e0 l\u2019abri derri\u00e8re les cr\u00e9neaux. Ils se font face comme des adversaires, en jardin \u00ab&nbsp;guerrier&nbsp;\u00bb. Leur r\u00e9p\u00e9tition, leur caract\u00e8re semi cach\u00e9, le jeu de l\u2019ombre et de la lumi\u00e8re ajoute de la profondeur. Tout ceci contribue \u00e0 cr\u00e9er un \u00e9tonnant paysage sculptural. (<strong>N\u00b010) <\/strong>Vous l\u2019aurez compris, la passion des&nbsp; topiaires m\u2019anime&#8230;<\/p>\n\n\n\n<p>Enfin repassez par la cour centrale pour ressortir par le ch\u00e2telet<\/p>\n\n\n\n<p>Le ch\u00e2teau de Villeneuve n\u2019a maintenant presque plus de secret pour vous\u2026Votre droit d\u2019entr\u00e9e sera int\u00e9gralement vers\u00e9 dans l\u2019entretien et la cr\u00e9ation des jardins. Nous esp\u00e9rons que vous aurez pass\u00e9 un agr\u00e9able moment et que vous aurez l\u2019occasion de revenir. Et ne manquez pas de d\u00e9couvrir d\u2019autres belles demeures et jardins angevins ou des pays de la Loire proches&#8230;<a href=\"https:\/\/www.anjou-vignoble-villages.com\/\" target=\"_blank\" rel=\"noreferrer noopener\">https:\/\/www.anjou-vignoble-villages.com\/<\/a><\/p>\n\n\n\n<p>&nbsp;&nbsp;&nbsp;&nbsp;&nbsp;&nbsp;&nbsp;&nbsp;&nbsp;&nbsp;&nbsp;&nbsp;&nbsp;&nbsp;&nbsp;&nbsp;&nbsp;&nbsp;&nbsp;&nbsp;&nbsp;&nbsp;&nbsp;&nbsp;&nbsp;&nbsp;&nbsp;&nbsp;&nbsp;&nbsp;&nbsp;&nbsp;&nbsp;&nbsp;&nbsp;&nbsp;&nbsp;&nbsp;&nbsp;&nbsp;&nbsp;&nbsp;&nbsp;&nbsp;&nbsp;&nbsp;&nbsp;&nbsp;&nbsp;&nbsp;&nbsp;&nbsp;&nbsp;&nbsp;&nbsp;&nbsp;&nbsp;&nbsp;&nbsp;&nbsp;&nbsp;&nbsp;&nbsp;&nbsp; &nbsp;&nbsp;&nbsp;&nbsp;&nbsp;&nbsp;&nbsp;&nbsp;&nbsp;&nbsp;&nbsp;La famille Vandangeon<\/p>\n\n\n\n<p><strong>\u00a0<\/strong><\/p>\n\n\n\n<p><strong>&nbsp;<\/strong>Bibliographie :<\/p>\n\n\n\n<p>&#8211; A. Sarrazin, Vieux logis en Anjou, imp. Farr\u00e9, 1979<\/p>\n\n\n\n<p>&#8211; V. Manase, V.Orain, C. Cussonneau, La maison&nbsp; seigneuriale&nbsp; dans l\u2019Est de l\u2019Anjou<\/p>\n\n\n\n<p>&#8211; Archives d\u00e9partementales de l\u2019Anjou, s\u00e9ries D et E.<\/p>\n\n\n\n<p>&#8211; Eric Zeimert, Jo\u00ebl Cornec, sondages arch\u00e9ologiques, AFAN, SRA Pays de la Loire, 1995<\/p>\n\n\n\n<p>&#8211; B. Barreault, F. Vandangeon, D\u2019hier \u00e0 demain, Martign\u00e9 Briand, H\u00e9rault Ed. 1984<\/p>\n\n\n\n<p>Nous sommes membres de&nbsp;:<\/p>\n\n\n\n<p>L\u2019association de sauvegarde des parcs et jardins des pays de la Loire (<a href=\"https:\/\/www.jardinspaysdelaloire.fr\/\" target=\"_blank\" rel=\"noreferrer noopener\">APJPL<\/a>) <br>l&rsquo;Association de Sauvegarde des parcs et jardins de l\u2019Anjou (<a href=\"https:\/\/aspeja.fr\/\" target=\"_blank\" rel=\"noreferrer noopener\">ASPEJA<\/a>) , <br>La Soci\u00e9t\u00e9 d\u2019Horticulture d\u2019Angers et de l\u2019Anjou (SHA), <br>EBTS France, <a href=\"https:\/\/buis-et-topiaires.org\/\" target=\"_blank\" rel=\"noreferrer noopener\">European boxwood and topiary society<\/a> <a href=\"https:\/\/buis-et-topiaires.org\/\" target=\"_blank\" rel=\"noreferrer noopener\">https:\/\/buis-et-topiaires.org<\/a><a href=\"https:\/\/buis-et-topiaires.org\/\">\/<\/a>, <br>L&rsquo;Association des Vieilles Maisons Fran\u00e7aises (<a href=\"https:\/\/www.vmfpatrimoine.org\/\" target=\"_blank\" rel=\"noreferrer noopener\">VMF<\/a>), <br>L&rsquo;Association\u00a0 Maisons\u00a0 paysannes de France, La fondation du Patrimoine\u2026etc<\/p>\n\n\n\n<p><br>C\u2019est aussi l\u2019\u0153uvre de Th\u00e9ophane et de Claude, jardiniers \u00e0 Villeneuve\u2026 et des conseils de Jean Marie Denis, Architecte paysagiste. Merci \u00e0 eux !&nbsp;&nbsp;&nbsp;&nbsp;&nbsp;&nbsp;&nbsp;&nbsp;&nbsp; aout 2025<\/p>\n\n\n\n<p><\/p>\n\n\n\n<figure class=\"wp-block-image size-large\"><img loading=\"lazy\" decoding=\"async\" width=\"724\" height=\"1024\" src=\"http:\/\/chateaudevilleneuve.fr\/wp\/wp-content\/uploads\/2024\/04\/visite-sept-2023-724x1024.jpg\" alt=\"\" class=\"wp-image-194\" srcset=\"https:\/\/chateaudevilleneuve.fr\/wp\/wp-content\/uploads\/2024\/04\/visite-sept-2023-724x1024.jpg 724w, https:\/\/chateaudevilleneuve.fr\/wp\/wp-content\/uploads\/2024\/04\/visite-sept-2023-212x300.jpg 212w, https:\/\/chateaudevilleneuve.fr\/wp\/wp-content\/uploads\/2024\/04\/visite-sept-2023-768x1086.jpg 768w, https:\/\/chateaudevilleneuve.fr\/wp\/wp-content\/uploads\/2024\/04\/visite-sept-2023-1086x1536.jpg 1086w, https:\/\/chateaudevilleneuve.fr\/wp\/wp-content\/uploads\/2024\/04\/visite-sept-2023-1448x2048.jpg 1448w, https:\/\/chateaudevilleneuve.fr\/wp\/wp-content\/uploads\/2024\/04\/visite-sept-2023-scaled.jpg 1810w\" sizes=\"auto, (max-width: 724px) 100vw, 724px\" \/><\/figure>\n\n\n\n<p><\/p>\n","protected":false},"excerpt":{"rendered":"<p>Les jardins de Villeneuve ont eu l\u2019honneur de recevoir le label de \u00ab\u00a0Beau jardin des pays de la Loire\u00a0\u00bb par l\u2019APJPL Authenticit\u00e9, tel est le maitre mot qui pourrait d\u00e9finir le ch\u00e2teau de Villeneuve \u00e0 Martign\u00e9 Briand&nbsp;! En effet, sa toponymie m\u00e9di\u00e9vale tr\u00e8s originale en fait un t\u00e9moin majeur des domaines fonciers du moyen \u00e2ge&#8230;une &hellip; <\/p>\n<p class=\"link-more\"><a href=\"https:\/\/chateaudevilleneuve.fr\/wp\/?page_id=11\" class=\"more-link\">Continuer la lecture<span class=\"screen-reader-text\"> de &laquo;&nbsp;Les jardins&nbsp;&raquo;<\/span><\/a><\/p>\n","protected":false},"author":1,"featured_media":0,"parent":0,"menu_order":0,"comment_status":"closed","ping_status":"closed","template":"","meta":{"footnotes":""},"class_list":["post-11","page","type-page","status-publish","hentry"],"_links":{"self":[{"href":"https:\/\/chateaudevilleneuve.fr\/wp\/index.php?rest_route=\/wp\/v2\/pages\/11","targetHints":{"allow":["GET"]}}],"collection":[{"href":"https:\/\/chateaudevilleneuve.fr\/wp\/index.php?rest_route=\/wp\/v2\/pages"}],"about":[{"href":"https:\/\/chateaudevilleneuve.fr\/wp\/index.php?rest_route=\/wp\/v2\/types\/page"}],"author":[{"embeddable":true,"href":"https:\/\/chateaudevilleneuve.fr\/wp\/index.php?rest_route=\/wp\/v2\/users\/1"}],"replies":[{"embeddable":true,"href":"https:\/\/chateaudevilleneuve.fr\/wp\/index.php?rest_route=%2Fwp%2Fv2%2Fcomments&post=11"}],"version-history":[{"count":20,"href":"https:\/\/chateaudevilleneuve.fr\/wp\/index.php?rest_route=\/wp\/v2\/pages\/11\/revisions"}],"predecessor-version":[{"id":342,"href":"https:\/\/chateaudevilleneuve.fr\/wp\/index.php?rest_route=\/wp\/v2\/pages\/11\/revisions\/342"}],"wp:attachment":[{"href":"https:\/\/chateaudevilleneuve.fr\/wp\/index.php?rest_route=%2Fwp%2Fv2%2Fmedia&parent=11"}],"curies":[{"name":"wp","href":"https:\/\/api.w.org\/{rel}","templated":true}]}}